{"id":733,"date":"2017-07-20T14:36:02","date_gmt":"2017-07-20T20:36:02","guid":{"rendered":"https:\/\/marfund.org\/es\/?page_id=733"},"modified":"2017-08-22T12:29:37","modified_gmt":"2017-08-22T18:29:37","slug":"grupo-regional-trabajo-manati","status":"publish","type":"page","link":"https:\/\/marfund.org\/es\/grupo-regional-trabajo-manati\/","title":{"rendered":"Grupo Regional de Trabajo para el Manat\u00ed"},"content":{"rendered":"<div class=\"wpb-content-wrapper\"><p>[vc_row][vc_column][vc_single_image image=\u00bb545&#8243; img_size=\u00bbfull\u00bb alignment=\u00bbcenter\u00bb][\/vc_column][\/vc_row][vc_row][vc_column][vc_single_image image=\u00bb410&#8243; img_size=\u00bbfull\u00bb][vc_custom_heading text=\u00bbGrupo Regional de Trabajo para el Manat\u00ed\u00bb font_container=\u00bbtag:h2|text_align:center\u00bb google_fonts=\u00bbfont_family:Roboto%3A100%2C100italic%2C300%2C300italic%2Cregular%2Citalic%2C500%2C500italic%2C700%2C700italic%2C900%2C900italic|font_style:400%20regular%3A400%3Anormal\u00bb][\/vc_column][\/vc_row][vc_row][vc_column width=\u00bb1\/12&#8243;][vc_column_text][\/vc_column_text][\/vc_column][vc_column width=\u00bb5\/6&#8243;][vc_tta_accordion color=\u00bborange\u00bb active_section=\u00bb10&#8243; collapsible_all=\u00bbtrue\u00bb][vc_tta_section title=\u00bbDocumentos\u00bb tab_id=\u00bb1500596160306-8bd654ef-6665&#8243;][vc_column_text]<\/p>\n<p style=\"padding-left: 20px;\"><a href=\"http:\/\/www.marfund.org\/wp-content\/uploads\/2015\/11\/Workshop-Program.pdf\" target=\"_blank\" rel=\"noopener noreferrer\"><img loading=\"lazy\" class=\"alignright wp-image-429 size-full\" src=\"https:\/\/marfund.org\/es\/wp-content\/uploads\/2017\/06\/download_file-24.png\" alt=\"\" width=\"24\" height=\"24\" \/><\/a>Programa del Taller<\/p>\n<p>[\/vc_column_text][vc_column_text]<\/p>\n<p style=\"padding-left: 20px;\"><a href=\"http:\/\/www.marfund.org\/wp-content\/uploads\/2015\/11\/Listado-de-participantes-Taller-Manat%C3%AD.xls\" target=\"_blank\" rel=\"noopener noreferrer\"><img loading=\"lazy\" class=\"alignright wp-image-429 size-full\" src=\"https:\/\/marfund.org\/es\/wp-content\/uploads\/2017\/06\/download_file-24.png\" alt=\"\" width=\"24\" height=\"24\" \/><\/a>Lista de Participantes<\/p>\n<p>[\/vc_column_text][vc_column_text]<\/p>\n<p style=\"padding-left: 20px;\"><a href=\"http:\/\/www.marfund.org\/wp-content\/uploads\/2015\/11\/Manatee-Workshop-Minutes-h.pdf\" target=\"_blank\" rel=\"noopener noreferrer\"><img loading=\"lazy\" class=\"alignright wp-image-429 size-full\" src=\"https:\/\/marfund.org\/es\/wp-content\/uploads\/2017\/06\/download_file-24.png\" alt=\"\" width=\"24\" height=\"24\" \/><\/a>Minuta<\/p>\n<p>[\/vc_column_text][vc_column_text]<\/p>\n<hr \/>\n<p>[\/vc_column_text][\/vc_tta_section][vc_tta_section title=\u00bbPresentaciones\u00bb tab_id=\u00bb1500660168469-88e8f259-4e58&#8243;][vc_column_text]<\/p>\n<p style=\"padding-left: 20px;\"><a href=\"http:\/\/www.marfund.org\/wp-content\/uploads\/2015\/11\/a-AUbeda_LightHawk.pdf\" target=\"_blank\" rel=\"noopener noreferrer\"><img loading=\"lazy\" class=\"alignright wp-image-429 size-full\" src=\"https:\/\/marfund.org\/es\/wp-content\/uploads\/2017\/06\/download_file-24.png\" alt=\"\" width=\"24\" height=\"24\" \/><\/a>AUbeda LightHawk<\/p>\n<p style=\"padding-left: 20px;\"><a href=\"http:\/\/www.marfund.org\/wp-content\/uploads\/2015\/11\/a-AUbeda_LightHawk.pdf\" target=\"_blank\" rel=\"noopener noreferrer\"><img loading=\"lazy\" class=\"alignright wp-image-429 size-full\" src=\"https:\/\/marfund.org\/es\/wp-content\/uploads\/2017\/06\/download_file-24.png\" alt=\"\" width=\"24\" height=\"24\" \/><\/a>HEdwards Aerial Surveys Fl<\/p>\n<p style=\"padding-left: 20px;\"><a href=\"http:\/\/www.marfund.org\/wp-content\/uploads\/2015\/11\/c-HEdwards_Results_Bel_Survey2014.pdf\" target=\"_blank\" rel=\"noopener noreferrer\"><img loading=\"lazy\" class=\"alignright wp-image-429 size-full\" src=\"https:\/\/marfund.org\/es\/wp-content\/uploads\/2017\/06\/download_file-24.png\" alt=\"\" width=\"24\" height=\"24\" \/><\/a>HEdwards Results Bel Survey2014<\/p>\n<p style=\"padding-left: 20px;\"><a href=\"http:\/\/www.marfund.org\/wp-content\/uploads\/2015\/11\/d-BMorales_Results_Mex_Survey2014.pdf\" target=\"_blank\" rel=\"noopener noreferrer\"><img loading=\"lazy\" class=\"alignright wp-image-429 size-full\" src=\"https:\/\/marfund.org\/es\/wp-content\/uploads\/2017\/06\/download_file-24.png\" alt=\"\" width=\"24\" height=\"24\" \/><\/a>BMorales Results Mex_Survey 2014<\/p>\n<p style=\"padding-left: 20px;\"><a href=\"http:\/\/www.marfund.org\/wp-content\/uploads\/2015\/11\/e-EQuintana_Results_Gua_Survey2014.pdf\" target=\"_blank\" rel=\"noopener noreferrer\"><img loading=\"lazy\" class=\"alignright wp-image-429 size-full\" src=\"https:\/\/marfund.org\/es\/wp-content\/uploads\/2017\/06\/download_file-24.png\" alt=\"\" width=\"24\" height=\"24\" \/><\/a>EQuintana Results Gua Survey2014<\/p>\n<hr \/>\n<p style=\"padding-left: 20px;\"><a href=\"http:\/\/www.marfund.org\/wp-content\/uploads\/2015\/11\/f-JPerez_CONANP_Mex.pdf\" target=\"_blank\" rel=\"noopener noreferrer\"><img loading=\"lazy\" class=\"alignright wp-image-429 size-full\" src=\"https:\/\/marfund.org\/es\/wp-content\/uploads\/2017\/06\/download_file-24.png\" alt=\"\" width=\"24\" height=\"24\" \/><\/a>JPerez CONANP Mex<\/p>\n<p style=\"padding-left: 20px;\"><a href=\"http:\/\/www.marfund.org\/wp-content\/uploads\/2015\/11\/g-ECorrea_ForestDepartment_Bel.pdf\" target=\"_blank\" rel=\"noopener noreferrer\"><img loading=\"lazy\" class=\"alignright wp-image-429 size-full\" src=\"https:\/\/marfund.org\/es\/wp-content\/uploads\/2017\/06\/download_file-24.png\" alt=\"\" width=\"24\" height=\"24\" \/><\/a>ECorrea Forest Department Bel<\/p>\n<p style=\"padding-left: 20px;\"><a href=\"http:\/\/www.marfund.org\/wp-content\/uploads\/2015\/11\/h-ALopez_CONAP_Gua.pdf\" target=\"_blank\" rel=\"noopener noreferrer\"><img loading=\"lazy\" class=\"alignright wp-image-429 size-full\" src=\"https:\/\/marfund.org\/es\/wp-content\/uploads\/2017\/06\/download_file-24.png\" alt=\"\" width=\"24\" height=\"24\" \/><\/a>ALopez CONAP Gua<\/p>\n<p style=\"padding-left: 20px;\"><a href=\"http:\/\/www.marfund.org\/wp-content\/uploads\/2015\/11\/i-IAquino_ICF_Hon.pdf\" target=\"_blank\" rel=\"noopener noreferrer\"><img loading=\"lazy\" class=\"alignright wp-image-429 size-full\" src=\"https:\/\/marfund.org\/es\/wp-content\/uploads\/2017\/06\/download_file-24.png\" alt=\"\" width=\"24\" height=\"24\" \/><\/a>Aquino ICF_Hon<\/p>\n<p style=\"padding-left: 20px;\"><a href=\"http:\/\/www.marfund.org\/wp-content\/uploads\/2015\/11\/j-GAvila_ManaHolChi_Yum-Balam_Mex.pdf\" target=\"_blank\" rel=\"noopener noreferrer\"><img loading=\"lazy\" class=\"alignright wp-image-429 size-full\" src=\"https:\/\/marfund.org\/es\/wp-content\/uploads\/2017\/06\/download_file-24.png\" alt=\"\" width=\"24\" height=\"24\" \/><\/a>GAvila ManaHolChi Yum Balam Mex<\/p>\n<hr \/>\n<p style=\"padding-left: 20px;\"><a href=\"http:\/\/www.marfund.org\/wp-content\/uploads\/2015\/11\/k-VHernandez_SEMA_Santuario-del-Manati_Mex.pdf\" target=\"_blank\" rel=\"noopener noreferrer\"><img loading=\"lazy\" class=\"alignright wp-image-429 size-full\" src=\"https:\/\/marfund.org\/es\/wp-content\/uploads\/2017\/06\/download_file-24.png\" alt=\"\" width=\"24\" height=\"24\" \/><\/a>VHernandez SEMA Santuario del Manati Mex<\/p>\n<p style=\"padding-left: 20px;\"><a href=\"http:\/\/www.marfund.org\/wp-content\/uploads\/2015\/11\/l-ZWalker_Wildtracks_Corozal-Bay_Bel.pdf\" target=\"_blank\" rel=\"noopener noreferrer\"><img loading=\"lazy\" class=\"alignright wp-image-429 size-full\" src=\"https:\/\/marfund.org\/es\/wp-content\/uploads\/2017\/06\/download_file-24.png\" alt=\"\" width=\"24\" height=\"24\" \/><\/a>ZWalker Wildtracks Corozal Bay Bel<\/p>\n<p style=\"padding-left: 20px;\"><a href=\"http:\/\/www.marfund.org\/wp-content\/uploads\/2015\/11\/m-NCastelblanco_CONACYT_UQRoo_Turneffe-Atoll_Bel.pdf\" target=\"_blank\" rel=\"noopener noreferrer\"><img loading=\"lazy\" class=\"alignright wp-image-429 size-full\" src=\"https:\/\/marfund.org\/es\/wp-content\/uploads\/2017\/06\/download_file-24.png\" alt=\"\" width=\"24\" height=\"24\" \/><\/a>NCastelblanco CONACYT UQRoo Turneffe Atoll Bel<\/p>\n<p style=\"padding-left: 20px;\"><a href=\"http:\/\/www.marfund.org\/wp-content\/uploads\/2015\/11\/n-JGalves_S2SA_Belize-River_Bel.pdf\" target=\"_blank\" rel=\"noopener noreferrer\"><img loading=\"lazy\" class=\"alignright wp-image-429 size-full\" src=\"https:\/\/marfund.org\/es\/wp-content\/uploads\/2017\/06\/download_file-24.png\" alt=\"\" width=\"24\" height=\"24\" \/><\/a>JGalves S2SA Belize River Bel<\/p>\n<p style=\"padding-left: 20px;\"><a href=\"http:\/\/www.marfund.org\/wp-content\/uploads\/2015\/11\/o-NAuil_SEA_Placencia-Lagoon-Bel.pdf\" target=\"_blank\" rel=\"noopener noreferrer\"><img loading=\"lazy\" class=\"alignright wp-image-429 size-full\" src=\"https:\/\/marfund.org\/es\/wp-content\/uploads\/2017\/06\/download_file-24.png\" alt=\"\" width=\"24\" height=\"24\" \/><\/a>NAuil SEA Placencia Lagoon Bel<\/p>\n<hr \/>\n<p style=\"padding-left: 20px;\"><a href=\"http:\/\/www.marfund.org\/wp-content\/uploads\/2015\/11\/p-JFoley_TIDE_Port-Honduras_Bel.pdf\" target=\"_blank\" rel=\"noopener noreferrer\"><img loading=\"lazy\" class=\"alignright wp-image-429 size-full\" src=\"https:\/\/marfund.org\/es\/wp-content\/uploads\/2017\/06\/download_file-24.png\" alt=\"\" width=\"24\" height=\"24\" \/><\/a>JFoley TIDE Port Honduras Bel<\/p>\n<p style=\"padding-left: 20px;\"><a href=\"RFlores_CCO_Cuyamel-Omoa_Hon.pdf\" target=\"_blank\" rel=\"noopener noreferrer\"><img loading=\"lazy\" class=\"alignright wp-image-429 size-full\" src=\"https:\/\/marfund.org\/es\/wp-content\/uploads\/2017\/06\/download_file-24.png\" alt=\"\" width=\"24\" height=\"24\" \/><\/a>RFlores CCO Cuyamel Omoa Hon<\/p>\n<p style=\"padding-left: 20px;\"><a href=\"http:\/\/www.marfund.org\/wp-content\/uploads\/2015\/11\/r-OLanza_FUCSA_Barras-de-Cuero-y-Salado_Hon.pdf\" target=\"_blank\" rel=\"noopener noreferrer\"><img loading=\"lazy\" class=\"alignright wp-image-429 size-full\" src=\"https:\/\/marfund.org\/es\/wp-content\/uploads\/2017\/06\/download_file-24.png\" alt=\"\" width=\"24\" height=\"24\" \/><\/a>OLanza FUCSA Barras de Cuero y Salado Hon<\/p>\n<p style=\"padding-left: 20px;\"><a href=\"http:\/\/www.marfund.org\/wp-content\/uploads\/2015\/11\/s-SRamirez_FUNDAECO_Rio-Sarstun_Gua.pdf\" target=\"_blank\" rel=\"noopener noreferrer\"><img loading=\"lazy\" class=\"alignright wp-image-429 size-full\" src=\"https:\/\/marfund.org\/es\/wp-content\/uploads\/2017\/06\/download_file-24.png\" alt=\"\" width=\"24\" height=\"24\" \/><\/a>SRamirez FUNDAECO Rio Sarstun Gua<\/p>\n<p style=\"padding-left: 20px;\"><a href=\"http:\/\/www.marfund.org\/wp-content\/uploads\/2015\/11\/t-MBarrios_CECON_ChoconMachacas_Gua.pdf\" target=\"_blank\" rel=\"noopener noreferrer\"><img loading=\"lazy\" class=\"alignright wp-image-429 size-full\" src=\"https:\/\/marfund.org\/es\/wp-content\/uploads\/2017\/06\/download_file-24.png\" alt=\"\" width=\"24\" height=\"24\" \/><\/a>MBarrios CECON ChoconMachacas Gua<\/p>\n<hr \/>\n<p style=\"padding-left: 20px;\"><a href=\"http:\/\/www.marfund.org\/wp-content\/uploads\/2015\/11\/u-HGarcia_FDN_Bocas-de-Polochic_Gua.pdf\" target=\"_blank\" rel=\"noopener noreferrer\"><img loading=\"lazy\" class=\"alignright wp-image-429 size-full\" src=\"https:\/\/marfund.org\/es\/wp-content\/uploads\/2017\/06\/download_file-24.png\" alt=\"\" width=\"24\" height=\"24\" \/><\/a>HGarcia FDN_Bocas de Polochic Gua<\/p>\n<p style=\"padding-left: 20px;\"><a href=\"http:\/\/www.marfund.org\/wp-content\/uploads\/2015\/11\/v-HAcevedo_CONAP_Punta-de-Manabique_Gua.pdf\" target=\"_blank\" rel=\"noopener noreferrer\"><img loading=\"lazy\" class=\"alignright wp-image-429 size-full\" src=\"https:\/\/marfund.org\/es\/wp-content\/uploads\/2017\/06\/download_file-24.png\" alt=\"\" width=\"24\" height=\"24\" \/><\/a>HAcevedo CONAP Punta de Manabique Gua<\/p>\n<p style=\"padding-left: 20px;\"><a href=\"http:\/\/www.marfund.org\/wp-content\/uploads\/2015\/11\/23_Grupo-Hon.pdf\" target=\"_blank\" rel=\"noopener noreferrer\"><img loading=\"lazy\" class=\"alignright wp-image-429 size-full\" src=\"https:\/\/marfund.org\/es\/wp-content\/uploads\/2017\/06\/download_file-24.png\" alt=\"\" width=\"24\" height=\"24\" \/><\/a>Grupo Hon<\/p>\n<p style=\"padding-left: 20px;\"><a href=\"http:\/\/www.marfund.org\/wp-content\/uploads\/2015\/11\/24_Grupo-Gua.pdf\" target=\"_blank\" rel=\"noopener noreferrer\"><img loading=\"lazy\" class=\"alignright wp-image-429 size-full\" src=\"https:\/\/marfund.org\/es\/wp-content\/uploads\/2017\/06\/download_file-24.png\" alt=\"\" width=\"24\" height=\"24\" \/><\/a>Grupo Gua<\/p>\n<p style=\"padding-left: 20px;\"><a href=\"http:\/\/www.marfund.org\/wp-content\/uploads\/2015\/11\/25_Grupo-Bel.pdf\" target=\"_blank\" rel=\"noopener noreferrer\"><img loading=\"lazy\" class=\"alignright wp-image-429 size-full\" src=\"https:\/\/marfund.org\/es\/wp-content\/uploads\/2017\/06\/download_file-24.png\" alt=\"\" width=\"24\" height=\"24\" \/><\/a>Grupo Bel<\/p>\n<p style=\"padding-left: 20px;\"><a href=\"http:\/\/www.marfund.org\/wp-content\/uploads\/2015\/11\/26_Grupo-Mex.pdf\" target=\"_blank\" rel=\"noopener noreferrer\"><img loading=\"lazy\" class=\"alignright wp-image-429 size-full\" src=\"https:\/\/marfund.org\/es\/wp-content\/uploads\/2017\/06\/download_file-24.png\" alt=\"\" width=\"24\" height=\"24\" \/><\/a>Grupo Mex<\/p>\n<p>[\/vc_column_text][vc_column_text]<\/p>\n<hr \/>\n<p>[\/vc_column_text][\/vc_tta_section][vc_tta_section title=\u00bbMateriales informativos\u00bb tab_id=\u00bb1500661773090-0925a179-f07a\u00bb][vc_single_image image=\u00bb1271&#8243; img_size=\u00bb640&#215;426&#8243; alignment=\u00bbcenter\u00bb style=\u00bbvc_box_rounded\u00bb onclick=\u00bblink_image\u00bb css_animation=\u00bbbounceIn\u00bb][vc_text_separator title=\u00bbCr\u00e9ditos: Reba\u00f1o de apareamiento en el \u00e1rea de protecci\u00f3n de flora y fauna de Yum Balam, M\u00e9xico\u00bb][vc_video link=\u00bbhttps:\/\/www.youtube.com\/embed\/74lyMCSKKiQ\u00bb el_width=\u00bb60&#8243; align=\u00bbcenter\u00bb title=\u00bbUn par de manat\u00eds en El Estor, Izabal\u00bb][vc_text_separator title=\u00bbCr\u00e9ditos: Fundaci\u00f3n Defensores de la Naturaleza \u00ab][vc_empty_space][vc_separator color=\u00bbsandy_brown\u00bb][vc_video link=\u00bbhttps:\/\/www.youtube.com\/embed\/WN-Gn2AYiBs\u00bb el_width=\u00bb60&#8243; align=\u00bbcenter\u00bb title=\u00bbMonitoreando la Megafauna Acu\u00e1tica en el Caribe Mexicano\u00bb][vc_text_separator title=\u00bbCr\u00e9ditos: Eric Ramos \/ Conacyt &#8211; UQRoo \u00ab][vc_empty_space][vc_separator color=\u00bbsandy_brown\u00bb][vc_video link=\u00bbhttps:\/\/www.youtube.com\/embed\/fY2Inh0Ajhc\u00bb el_width=\u00bb60&#8243; align=\u00bbcenter\u00bb title=\u00bbMonitoreo del comportamiento del manat\u00ed \u2018Daniel\u2019 en la Reserva Estatal Santuario del Manat\u00ed, Quintana Roo, M\u00e9xico\u00bb][vc_text_separator title=\u00bbCr\u00e9ditos: Secretar\u00eda de Ecolog\u00eda y Medio Ambiente &#8211; SEMA &#8211; y El Colegio de la Frontera Sur, Chetumal &#8211; ECOSUR\u00bb][vc_empty_space][vc_separator color=\u00bbsandy_brown\u00bb][\/vc_tta_section][\/vc_tta_accordion][\/vc_column][vc_column width=\u00bb1\/12&#8243;][\/vc_column][\/vc_row][vc_row][vc_column][\/vc_column][\/vc_row]<\/p>\n<\/div>","protected":false},"excerpt":{"rendered":"<p>[vc_row][vc_column][vc_single_image image=\u00bb545&#8243; img_size=\u00bbfull\u00bb alignment=\u00bbcenter\u00bb][\/vc_column][\/vc_row][vc_row][vc_column][vc_single_image image=\u00bb410&#8243; img_size=\u00bbfull\u00bb][vc_custom_heading text=\u00bbGrupo Regional de Trabajo para el Manat\u00ed\u00bb font_container=\u00bbtag:h2|text_align:center\u00bb google_fonts=\u00bbfont_family:Roboto%3A100%2C100italic%2C300%2C300italic%2Cregular%2Citalic%2C500%2C500italic%2C700%2C700italic%2C900%2C900italic|font_style:400%20regular%3A400%3Anormal\u00bb][\/vc_column][\/vc_row][vc_row][vc_column width=\u00bb1\/12&#8243;][vc_column_text][\/vc_column_text][\/vc_column][vc_column width=\u00bb5\/6&#8243;][vc_tta_accordion color=\u00bborange\u00bb active_section=\u00bb10&#8243; collapsible_all=\u00bbtrue\u00bb][vc_tta_section title=\u00bbDocumentos\u00bb tab_id=\u00bb1500596160306-8bd654ef-6665&#8243;][vc_column_text] Programa del Taller [\/vc_column_text][vc_column_text] Lista de Participantes [\/vc_column_text][vc_column_text] Minuta [\/vc_column_text][vc_column_text] [\/vc_column_text][\/vc_tta_section][vc_tta_section title=\u00bbPresentaciones\u00bb tab_id=\u00bb1500660168469-88e8f259-4e58&#8243;][vc_column_text] AUbeda LightHawk HEdwards Aerial Surveys Fl HEdwards Results Bel Survey2014 BMorales Results Mex_Survey 2014 EQuintana Results Gua Survey2014 JPerez CONANP [&hellip;]<\/p>\n","protected":false},"author":1,"featured_media":0,"parent":0,"menu_order":0,"comment_status":"closed","ping_status":"closed","template":"template_events_fullwidth.php","meta":[],"_links":{"self":[{"href":"https:\/\/marfund.org\/es\/wp-json\/wp\/v2\/pages\/733"}],"collection":[{"href":"https:\/\/marfund.org\/es\/wp-json\/wp\/v2\/pages"}],"about":[{"href":"https:\/\/marfund.org\/es\/wp-json\/wp\/v2\/types\/page"}],"author":[{"embeddable":true,"href":"https:\/\/marfund.org\/es\/wp-json\/wp\/v2\/users\/1"}],"replies":[{"embeddable":true,"href":"https:\/\/marfund.org\/es\/wp-json\/wp\/v2\/comments?post=733"}],"version-history":[{"count":35,"href":"https:\/\/marfund.org\/es\/wp-json\/wp\/v2\/pages\/733\/revisions"}],"predecessor-version":[{"id":1405,"href":"https:\/\/marfund.org\/es\/wp-json\/wp\/v2\/pages\/733\/revisions\/1405"}],"wp:attachment":[{"href":"https:\/\/marfund.org\/es\/wp-json\/wp\/v2\/media?parent=733"}],"curies":[{"name":"wp","href":"https:\/\/api.w.org\/{rel}","templated":true}]}}