{"id":337,"date":"2017-07-10T14:40:36","date_gmt":"2017-07-10T20:40:36","guid":{"rendered":"https:\/\/marfund.org\/en\/?page_id=337"},"modified":"2019-04-03T20:03:36","modified_gmt":"2019-04-04T02:03:36","slug":"victories","status":"publish","type":"page","link":"https:\/\/marfund.org\/en\/victories\/","title":{"rendered":"Victories"},"content":{"rendered":"<div class=\"wpb-content-wrapper\"><p>[vc_row content_type=&#8221;inner_width&#8221; pattern=&#8221;&#8221; padding_top=&#8221;40&#8243; padding_bottom=&#8221;40&#8243;][vc_column][vc_fancyheading heading=&#8221;xlarge&#8221; align=&#8221;center&#8221; text=&#8221;10 YEARS OF VICTORIES&#8221; textcolor=&#8221;#b7b7b7&#8243;][\/vc_fancyheading][\/vc_column][\/vc_row][vc_row][vc_column width=&#8221;1\/12&#8243;][\/vc_column][vc_column width=&#8221;10\/12&#8243;][vc_fancyheading heading=&#8221;large&#8221; align=&#8221;center&#8221; textcolor=&#8221;#2e3192&#8243; bgcolor=&#8221;#bd98e2&#8243; text=&#8221;General&#8221;][\/vc_fancyheading][vc_column_text]<script>\r\n\t\tjQuery(document).ready(function($) {\r\n\t\t\t$(\"#blogcarousel-19\").owlCarousel({\r\n\t\t\t\tautoPlay: 3000,\r\n\t\t\t\titems : 4,\r\n\t\t\t\titemsDesktop : [1199,4],\r\n\t\t\t\titemsDesktopSmall : [979,2],\r\n\t\t\t\titemsTablet : [768,2],\r\n\t\t\t\titemsMobile : [479,1]\r\n\t\t\t});\r\n\t\t});\t\t\r\n\t\t<\/script><div class=\"container\"><div id=\"blogcarousel-19\" class=\"owl-carousel\"><div class=\"blogpost-item blogpost-list\"><div class=\"view hoverimg\"><img    alt=\"In-Person Training for Post-Storm Reef Response Coordinating Committees in Belize\" src=\"https:\/\/marfund.org\/en\/wp-content\/uploads\/2026\/03\/Belize-training-protocol-1-scaled-e1773964073810-540x300.jpg\" width=\"540\" height=\"300\"><div class=\"hover_type\"><a class=\"hovergallery\" href=\"https:\/\/marfund.org\/en\/in-person-training-for-post-storm-reef-response-coordinating-committees-in-belize\/\" title=\"In-Person Training for Post-Storm Reef Response Coordinating Committees in Belize\"><i class=\"fa fa-picture-o fa-2x\"><\/i><\/a><\/div><\/div><div class=\"blogpost-desc\"><h5 class=\"blogpost-title\"><a href=\"https:\/\/marfund.org\/en\/in-person-training-for-post-storm-reef-response-coordinating-committees-in-belize\/\" >In-Person Training for Post-Storm Reef Response Coordinating Committees in Belize<\/a><\/h5><\/div><\/div><div class=\"blogpost-item blogpost-list\"><div class=\"view hoverimg\"><img    alt=\"Phase III in action: strengthening coastal-marine conservation and community well-being in Guatemala and Belize\" src=\"https:\/\/marfund.org\/en\/wp-content\/uploads\/2026\/03\/Pescador-e1773188368481-540x300.jpg\" width=\"540\" height=\"300\"><div class=\"hover_type\"><a class=\"hovergallery\" href=\"https:\/\/marfund.org\/en\/phase-iii-in-action-december\/\" title=\"Phase III in action: strengthening coastal-marine conservation and community well-being in Guatemala and Belize\"><i class=\"fa fa-picture-o fa-2x\"><\/i><\/a><\/div><\/div><div class=\"blogpost-desc\"><h5 class=\"blogpost-title\"><a href=\"https:\/\/marfund.org\/en\/phase-iii-in-action-december\/\" >Phase III in action: strengthening coastal-marine conservation and community well-being in Guatemala and Belize<\/a><\/h5><\/div><\/div><div class=\"blogpost-item blogpost-list\"><div class=\"view hoverimg\"><img    alt=\"ECOLENS Summit in Belize, Celebrating Regional Partnerships and MAR Fund&#8217;s 20th Anniversary\" src=\"https:\/\/marfund.org\/en\/wp-content\/uploads\/2026\/03\/ecolens-540x300.jpeg\" width=\"540\" height=\"300\"><div class=\"hover_type\"><a class=\"hovergallery\" href=\"https:\/\/marfund.org\/en\/ecolens-summit-in-belize-celebrating-regional-partnerships-and-mar-funds-20th-anniversary\/\" title=\"ECOLENS Summit in Belize, Celebrating Regional Partnerships and MAR Fund&#8217;s 20th Anniversary\"><i class=\"fa fa-picture-o fa-2x\"><\/i><\/a><\/div><\/div><div class=\"blogpost-desc\"><h5 class=\"blogpost-title\"><a href=\"https:\/\/marfund.org\/en\/ecolens-summit-in-belize-celebrating-regional-partnerships-and-mar-funds-20th-anniversary\/\" >ECOLENS Summit in Belize, Celebrating Regional Partnerships and MAR Fund&#8217;s 20th Anniversary<\/a><\/h5><\/div><\/div><div class=\"blogpost-item blogpost-list\"><div class=\"view hoverimg\"><img    alt=\"Women Entrepreneurs of the Mesoamerican Reef Strengthen Triple\u2011Impact Initiatives\" src=\"https:\/\/marfund.org\/en\/wp-content\/uploads\/2025\/12\/emprendedoras-en-guatemala-scaled-e1765478058640-2048x937-1-540x300.webp\" width=\"540\" height=\"300\"><div class=\"hover_type\"><a class=\"hovergallery\" href=\"https:\/\/marfund.org\/en\/women-entrepreneurs-of-the-mesoamerican-reef-strengthen-triple%e2%80%91impact-initiatives\/\" title=\"Women Entrepreneurs of the Mesoamerican Reef Strengthen Triple\u2011Impact Initiatives\"><i class=\"fa fa-picture-o fa-2x\"><\/i><\/a><\/div><\/div><div class=\"blogpost-desc\"><h5 class=\"blogpost-title\"><a href=\"https:\/\/marfund.org\/en\/women-entrepreneurs-of-the-mesoamerican-reef-strengthen-triple%e2%80%91impact-initiatives\/\" >Women Entrepreneurs of the Mesoamerican Reef Strengthen Triple\u2011Impact Initiatives<\/a><\/h5><\/div><\/div><div class=\"blogpost-item blogpost-list\"><div class=\"view hoverimg\"><img    alt=\"Nine Selected Projects Will Drive Local Solutions for Conservation in the MAR\" src=\"https:\/\/marfund.org\/en\/wp-content\/uploads\/2025\/12\/races-marnas-540x300.png\" width=\"540\" height=\"300\"><div class=\"hover_type\"><a class=\"hovergallery\" href=\"https:\/\/marfund.org\/en\/nine-selected-projects-will-drive-local-solutions-for-conservation-in-the-mar\/\" title=\"Nine Selected Projects Will Drive Local Solutions for Conservation in the MAR\"><i class=\"fa fa-picture-o fa-2x\"><\/i><\/a><\/div><\/div><div class=\"blogpost-desc\"><h5 class=\"blogpost-title\"><a href=\"https:\/\/marfund.org\/en\/nine-selected-projects-will-drive-local-solutions-for-conservation-in-the-mar\/\" >Nine Selected Projects Will Drive Local Solutions for Conservation in the MAR<\/a><\/h5><\/div><\/div><div class=\"blogpost-item blogpost-list\"><div class=\"view hoverimg\"><img    alt=\"MAR Fund participates in the Salzburg Global Seminar on Building Resilient Communities\" src=\"https:\/\/marfund.org\/en\/wp-content\/uploads\/2025\/10\/Salzburg_RRI-1-e1761348113408-540x300.jpg\" width=\"540\" height=\"300\"><div class=\"hover_type\"><a class=\"hovergallery\" href=\"https:\/\/marfund.org\/en\/mar-fund-participates-in-the-salzburg-global-seminar-on-building-resilient-communities\/\" title=\"MAR Fund participates in the Salzburg Global Seminar on Building Resilient Communities\"><i class=\"fa fa-picture-o fa-2x\"><\/i><\/a><\/div><\/div><div class=\"blogpost-desc\"><h5 class=\"blogpost-title\"><a href=\"https:\/\/marfund.org\/en\/mar-fund-participates-in-the-salzburg-global-seminar-on-building-resilient-communities\/\" >MAR Fund participates in the Salzburg Global Seminar on Building Resilient Communities<\/a><\/h5><\/div><\/div><div class=\"blogpost-item blogpost-list\"><div class=\"view hoverimg\"><img    alt=\"Innovative Financing for Coral Reef Protection, Repair, and Restoration in San Andr\u00e9s, Providencia and Santa Catalina, Colombia\" src=\"https:\/\/marfund.org\/en\/wp-content\/uploads\/2025\/10\/buzo_foto_JCHuitron-540x300.jpeg\" width=\"540\" height=\"300\"><div class=\"hover_type\"><a class=\"hovergallery\" href=\"https:\/\/marfund.org\/en\/innovative-financing-for-coral-reef-protection-repair-and-restoration-in-san-andres-providencia-and-santa-catalina-colombia\/\" title=\"Innovative Financing for Coral Reef Protection, Repair, and Restoration in San Andr\u00e9s, Providencia and Santa Catalina, Colombia\"><i class=\"fa fa-picture-o fa-2x\"><\/i><\/a><\/div><\/div><div class=\"blogpost-desc\"><h5 class=\"blogpost-title\"><a href=\"https:\/\/marfund.org\/en\/innovative-financing-for-coral-reef-protection-repair-and-restoration-in-san-andres-providencia-and-santa-catalina-colombia\/\" >Innovative Financing for Coral Reef Protection, Repair, and Restoration in San Andr\u00e9s, Providencia and Santa Catalina, Colombia<\/a><\/h5><\/div><\/div><div class=\"blogpost-item blogpost-list\"><div class=\"view hoverimg\"><img    alt=\"RedLAC 2025 Congress: A Space for Conservation and Sustainable Finance\" src=\"https:\/\/marfund.org\/en\/wp-content\/uploads\/2025\/10\/CongresoRedLAC2025-540x300.png\" width=\"540\" height=\"300\"><div class=\"hover_type\"><a class=\"hovergallery\" href=\"https:\/\/marfund.org\/en\/redlac-2025-congress-a-space-for-conservation-and-sustainable-finance\/\" title=\"RedLAC 2025 Congress: A Space for Conservation and Sustainable Finance\"><i class=\"fa fa-picture-o fa-2x\"><\/i><\/a><\/div><\/div><div class=\"blogpost-desc\"><h5 class=\"blogpost-title\"><a href=\"https:\/\/marfund.org\/en\/redlac-2025-congress-a-space-for-conservation-and-sustainable-finance\/\" >RedLAC 2025 Congress: A Space for Conservation and Sustainable Finance<\/a><\/h5><\/div><\/div><div class=\"blogpost-item blogpost-list\"><div class=\"view hoverimg\"><img    alt=\"MAR Fund Shares Key Learnings at the Global Closing Workshop of the UNDP-AFCIA Climate Innovation Accelerator\" src=\"https:\/\/marfund.org\/en\/wp-content\/uploads\/2025\/09\/Imagen-de-WhatsApp-2025-09-10-a-las-11.07.26_775e4ff2-e1758651585130-540x300.jpg\" width=\"540\" height=\"300\"><div class=\"hover_type\"><a class=\"hovergallery\" href=\"https:\/\/marfund.org\/en\/mar-fund-shares-key-learnings-at-the-global-closing-workshop-of-the-undp-afcia-climate-innovation-accelerator\/\" title=\"MAR Fund Shares Key Learnings at the Global Closing Workshop of the UNDP-AFCIA Climate Innovation Accelerator\"><i class=\"fa fa-picture-o fa-2x\"><\/i><\/a><\/div><\/div><div class=\"blogpost-desc\"><h5 class=\"blogpost-title\"><a href=\"https:\/\/marfund.org\/en\/mar-fund-shares-key-learnings-at-the-global-closing-workshop-of-the-undp-afcia-climate-innovation-accelerator\/\" >MAR Fund Shares Key Learnings at the Global Closing Workshop of the UNDP-AFCIA Climate Innovation Accelerator<\/a><\/h5><\/div><\/div><div class=\"blogpost-item blogpost-list\"><div class=\"view hoverimg\"><img    alt=\"Strengthening Leadership and Scaling Nature-Based Solutions: MAR-Leadership Build &#038; Connect 2023\" src=\"https:\/\/marfund.org\/en\/wp-content\/uploads\/2025\/09\/ss2-e1759358811476-540x300.jpg\" width=\"540\" height=\"300\"><div class=\"hover_type\"><a class=\"hovergallery\" href=\"https:\/\/marfund.org\/en\/strengthening-leadership-and-scaling-nature-based-solutions-mar-leadership-build-connect-2023\/\" title=\"Strengthening Leadership and Scaling Nature-Based Solutions: MAR-Leadership Build &#038; Connect 2023\"><i class=\"fa fa-picture-o fa-2x\"><\/i><\/a><\/div><\/div><div class=\"blogpost-desc\"><h5 class=\"blogpost-title\"><a href=\"https:\/\/marfund.org\/en\/strengthening-leadership-and-scaling-nature-based-solutions-mar-leadership-build-connect-2023\/\" >Strengthening Leadership and Scaling Nature-Based Solutions: MAR-Leadership Build &#038; Connect 2023<\/a><\/h5><\/div><\/div><\/div><\/div>[\/vc_column_text][\/vc_column][vc_column width=&#8221;1\/12&#8243;][\/vc_column][\/vc_row][vc_row][vc_column width=&#8221;1\/12&#8243;][\/vc_column][vc_column width=&#8221;10\/12&#8243;][vc_fancyheading heading=&#8221;large&#8221; align=&#8221;center&#8221; textcolor=&#8221;#2e3192&#8243; bgcolor=&#8221;#bd98e2&#8243; text=&#8221;Mexico&#8221;][\/vc_fancyheading][vc_column_text]<script>\r\n\t\tjQuery(document).ready(function($) {\r\n\t\t\t$(\"#blogcarousel-48\").owlCarousel({\r\n\t\t\t\tautoPlay: 3000,\r\n\t\t\t\titems : 4,\r\n\t\t\t\titemsDesktop : [1199,4],\r\n\t\t\t\titemsDesktopSmall : [979,2],\r\n\t\t\t\titemsTablet : [768,2],\r\n\t\t\t\titemsMobile : [479,1]\r\n\t\t\t});\r\n\t\t});\t\t\r\n\t\t<\/script><div class=\"container\"><div id=\"blogcarousel-48\" class=\"owl-carousel\"><div class=\"blogpost-item blogpost-list\"><div class=\"view hoverimg\"><img    alt=\"Women Entrepreneurs of the Mesoamerican Reef Strengthen Triple\u2011Impact Initiatives\" src=\"https:\/\/marfund.org\/en\/wp-content\/uploads\/2025\/12\/emprendedoras-en-guatemala-scaled-e1765478058640-2048x937-1-540x300.webp\" width=\"540\" height=\"300\"><div class=\"hover_type\"><a class=\"hovergallery\" href=\"https:\/\/marfund.org\/en\/women-entrepreneurs-of-the-mesoamerican-reef-strengthen-triple%e2%80%91impact-initiatives\/\" title=\"Women Entrepreneurs of the Mesoamerican Reef Strengthen Triple\u2011Impact Initiatives\"><i class=\"fa fa-picture-o fa-2x\"><\/i><\/a><\/div><\/div><div class=\"blogpost-desc\"><h5 class=\"blogpost-title\"><a href=\"https:\/\/marfund.org\/en\/women-entrepreneurs-of-the-mesoamerican-reef-strengthen-triple%e2%80%91impact-initiatives\/\" >Women Entrepreneurs of the Mesoamerican Reef Strengthen Triple\u2011Impact Initiatives<\/a><\/h5><\/div><\/div><div class=\"blogpost-item blogpost-list\"><div class=\"view hoverimg\"><img    alt=\"Nine Selected Projects Will Drive Local Solutions for Conservation in the MAR\" src=\"https:\/\/marfund.org\/en\/wp-content\/uploads\/2025\/12\/races-marnas-540x300.png\" width=\"540\" height=\"300\"><div class=\"hover_type\"><a class=\"hovergallery\" href=\"https:\/\/marfund.org\/en\/nine-selected-projects-will-drive-local-solutions-for-conservation-in-the-mar\/\" title=\"Nine Selected Projects Will Drive Local Solutions for Conservation in the MAR\"><i class=\"fa fa-picture-o fa-2x\"><\/i><\/a><\/div><\/div><div class=\"blogpost-desc\"><h5 class=\"blogpost-title\"><a href=\"https:\/\/marfund.org\/en\/nine-selected-projects-will-drive-local-solutions-for-conservation-in-the-mar\/\" >Nine Selected Projects Will Drive Local Solutions for Conservation in the MAR<\/a><\/h5><\/div><\/div><div class=\"blogpost-item blogpost-list\"><div class=\"view hoverimg\"><img    alt=\"Strengthening Leadership and Scaling Nature-Based Solutions: MAR-Leadership Build &#038; Connect 2023\" src=\"https:\/\/marfund.org\/en\/wp-content\/uploads\/2025\/09\/ss2-e1759358811476-540x300.jpg\" width=\"540\" height=\"300\"><div class=\"hover_type\"><a class=\"hovergallery\" href=\"https:\/\/marfund.org\/en\/strengthening-leadership-and-scaling-nature-based-solutions-mar-leadership-build-connect-2023\/\" title=\"Strengthening Leadership and Scaling Nature-Based Solutions: MAR-Leadership Build &#038; Connect 2023\"><i class=\"fa fa-picture-o fa-2x\"><\/i><\/a><\/div><\/div><div class=\"blogpost-desc\"><h5 class=\"blogpost-title\"><a href=\"https:\/\/marfund.org\/en\/strengthening-leadership-and-scaling-nature-based-solutions-mar-leadership-build-connect-2023\/\" >Strengthening Leadership and Scaling Nature-Based Solutions: MAR-Leadership Build &#038; Connect 2023<\/a><\/h5><\/div><\/div><div class=\"blogpost-item blogpost-list\"><div class=\"view hoverimg\"><img    alt=\"Dive the wave of change! MAR+Invest Acceleration Programme 2025\" src=\"https:\/\/marfund.org\/en\/wp-content\/uploads\/2025\/05\/MAR_Invest_acceleration-scaled-e1747750742828-540x300.jpg\" width=\"540\" height=\"300\"><div class=\"hover_type\"><a class=\"hovergallery\" href=\"https:\/\/marfund.org\/en\/dive-the-wave-of-change-marinvest-acceleration-programme-2025\/\" title=\"Dive the wave of change! MAR+Invest Acceleration Programme 2025\"><i class=\"fa fa-picture-o fa-2x\"><\/i><\/a><\/div><\/div><div class=\"blogpost-desc\"><h5 class=\"blogpost-title\"><a href=\"https:\/\/marfund.org\/en\/dive-the-wave-of-change-marinvest-acceleration-programme-2025\/\" >Dive the wave of change! MAR+Invest Acceleration Programme 2025<\/a><\/h5><\/div><\/div><div class=\"blogpost-item blogpost-list\"><div class=\"view hoverimg\"><img    alt=\"Celebrating 20 Years of Mesoamerican Reef Conservation\" src=\"https:\/\/marfund.org\/en\/wp-content\/uploads\/2025\/04\/Cabecera-Aniverario-540x300.png\" width=\"540\" height=\"300\"><div class=\"hover_type\"><a class=\"hovergallery\" href=\"https:\/\/marfund.org\/en\/celebrating-20-years-of-mesoamerican-reef-conservation\/\" title=\"Celebrating 20 Years of Mesoamerican Reef Conservation\"><i class=\"fa fa-picture-o fa-2x\"><\/i><\/a><\/div><\/div><div class=\"blogpost-desc\"><h5 class=\"blogpost-title\"><a href=\"https:\/\/marfund.org\/en\/celebrating-20-years-of-mesoamerican-reef-conservation\/\" >Celebrating 20 Years of Mesoamerican Reef Conservation<\/a><\/h5><\/div><\/div><div class=\"blogpost-item blogpost-list\"><div class=\"view hoverimg\"><img    alt=\"To defend the ocean&#8217;s biodiversity is to defend human well-being\" src=\"https:\/\/marfund.org\/en\/wp-content\/uploads\/2024\/10\/Plantilla-Fotos-para-NN_0002s_0000_Capa-19-540x300.jpg\" width=\"540\" height=\"300\"><div class=\"hover_type\"><a class=\"hovergallery\" href=\"https:\/\/marfund.org\/en\/to-defend-the-oceans-biodiversity-is-to-defend-human-well-being\/\" title=\"To defend the ocean&#8217;s biodiversity is to defend human well-being\"><i class=\"fa fa-picture-o fa-2x\"><\/i><\/a><\/div><\/div><div class=\"blogpost-desc\"><h5 class=\"blogpost-title\"><a href=\"https:\/\/marfund.org\/en\/to-defend-the-oceans-biodiversity-is-to-defend-human-well-being\/\" >To defend the ocean&#8217;s biodiversity is to defend human well-being<\/a><\/h5><\/div><\/div><div class=\"blogpost-item blogpost-list\"><div class=\"view hoverimg\"><img    alt=\"Commitment to the Ocean: MAR Fund at Climate Week\" src=\"https:\/\/marfund.org\/en\/wp-content\/uploads\/2024\/10\/cruiz-orraa-ny-540x300.png\" width=\"540\" height=\"300\"><div class=\"hover_type\"><a class=\"hovergallery\" href=\"https:\/\/marfund.org\/en\/commitment-to-the-ocean-marfund-at-climate-week\/\" title=\"Commitment to the Ocean: MAR Fund at Climate Week\"><i class=\"fa fa-picture-o fa-2x\"><\/i><\/a><\/div><\/div><div class=\"blogpost-desc\"><h5 class=\"blogpost-title\"><a href=\"https:\/\/marfund.org\/en\/commitment-to-the-ocean-marfund-at-climate-week\/\" >Commitment to the Ocean: MAR Fund at Climate Week<\/a><\/h5><\/div><\/div><div class=\"blogpost-item blogpost-list\"><div class=\"view hoverimg\"><img    alt=\"Strengthening the conservation of coastal marine protected areas in the MAR: MAR Fund announces the launch of the second Phase III call for proposals and the selected proposals from the first call\" src=\"https:\/\/marfund.org\/en\/wp-content\/uploads\/2024\/08\/apmc-faseiii-540x300.png\" width=\"540\" height=\"300\"><div class=\"hover_type\"><a class=\"hovergallery\" href=\"https:\/\/marfund.org\/en\/strengthening-the-conservation-of-cmpas-second-call-phase-iii\/\" title=\"Strengthening the conservation of coastal marine protected areas in the MAR: MAR Fund announces the launch of the second Phase III call for proposals and the selected proposals from the first call\"><i class=\"fa fa-picture-o fa-2x\"><\/i><\/a><\/div><\/div><div class=\"blogpost-desc\"><h5 class=\"blogpost-title\"><a href=\"https:\/\/marfund.org\/en\/strengthening-the-conservation-of-cmpas-second-call-phase-iii\/\" >Strengthening the conservation of coastal marine protected areas in the MAR: MAR Fund announces the launch of the second Phase III call for proposals and the selected proposals from the first call<\/a><\/h5><\/div><\/div><div class=\"blogpost-item blogpost-list\"><div class=\"view hoverimg\"><img    alt=\"Lanzamiento del proyecto Protecci\u00f3n de los recursos mar\u00edtimos en Am\u00e9rica Central III (Fase III)\" src=\"https:\/\/marfund.org\/en\/wp-content\/uploads\/2023\/07\/foto-portada-arrecifes-marfund-540x300.jpg\" width=\"540\" height=\"300\"><div class=\"hover_type\"><a class=\"hovergallery\" href=\"https:\/\/marfund.org\/en\/lanzamiento-del-proyecto-proteccion-de-los-recursos-maritimos-en-america-central-iii-fase-iii\/\" title=\"Lanzamiento del proyecto Protecci\u00f3n de los recursos mar\u00edtimos en Am\u00e9rica Central III (Fase III)\"><i class=\"fa fa-picture-o fa-2x\"><\/i><\/a><\/div><\/div><div class=\"blogpost-desc\"><h5 class=\"blogpost-title\"><a href=\"https:\/\/marfund.org\/en\/lanzamiento-del-proyecto-proteccion-de-los-recursos-maritimos-en-america-central-iii-fase-iii\/\" >Lanzamiento del proyecto Protecci\u00f3n de los recursos mar\u00edtimos en Am\u00e9rica Central III (Fase III)<\/a><\/h5><\/div><\/div><div class=\"blogpost-item blogpost-list\"><div class=\"view hoverimg\"><img    alt=\"MAR+Invest Acceleration Programme Launch Event\" src=\"https:\/\/marfund.org\/en\/wp-content\/uploads\/2023\/07\/Foto-portada_Moises-Jimenez-540x300.jpg\" width=\"540\" height=\"300\"><div class=\"hover_type\"><a class=\"hovergallery\" href=\"https:\/\/marfund.org\/en\/marinvest-acceleration-programme-launch-event\/\" title=\"MAR+Invest Acceleration Programme Launch Event\"><i class=\"fa fa-picture-o fa-2x\"><\/i><\/a><\/div><\/div><div class=\"blogpost-desc\"><h5 class=\"blogpost-title\"><a href=\"https:\/\/marfund.org\/en\/marinvest-acceleration-programme-launch-event\/\" >MAR+Invest Acceleration Programme Launch Event<\/a><\/h5><\/div><\/div><\/div><\/div>[\/vc_column_text][\/vc_column][vc_column width=&#8221;1\/12&#8243;][\/vc_column][\/vc_row][vc_row][\/vc_row][vc_row][vc_column width=&#8221;1\/12&#8243;][\/vc_column][vc_column width=&#8221;10\/12&#8243;][vc_fancyheading heading=&#8221;large&#8221; align=&#8221;center&#8221; textcolor=&#8221;#2e3192&#8243; bgcolor=&#8221;#bd98e2&#8243; text=&#8221;Belize&#8221;][\/vc_fancyheading][vc_column_text]<script>\r\n\t\tjQuery(document).ready(function($) {\r\n\t\t\t$(\"#blogcarousel-47\").owlCarousel({\r\n\t\t\t\tautoPlay: 3000,\r\n\t\t\t\titems : 4,\r\n\t\t\t\titemsDesktop : [1199,4],\r\n\t\t\t\titemsDesktopSmall : [979,2],\r\n\t\t\t\titemsTablet : [768,2],\r\n\t\t\t\titemsMobile : [479,1]\r\n\t\t\t});\r\n\t\t});\t\t\r\n\t\t<\/script><div class=\"container\"><div id=\"blogcarousel-47\" class=\"owl-carousel\"><div class=\"blogpost-item blogpost-list\"><div class=\"view hoverimg\"><img    alt=\"In-Person Training for Post-Storm Reef Response Coordinating Committees in Belize\" src=\"https:\/\/marfund.org\/en\/wp-content\/uploads\/2026\/03\/Belize-training-protocol-1-scaled-e1773964073810-540x300.jpg\" width=\"540\" height=\"300\"><div class=\"hover_type\"><a class=\"hovergallery\" href=\"https:\/\/marfund.org\/en\/in-person-training-for-post-storm-reef-response-coordinating-committees-in-belize\/\" title=\"In-Person Training for Post-Storm Reef Response Coordinating Committees in Belize\"><i class=\"fa fa-picture-o fa-2x\"><\/i><\/a><\/div><\/div><div class=\"blogpost-desc\"><h5 class=\"blogpost-title\"><a href=\"https:\/\/marfund.org\/en\/in-person-training-for-post-storm-reef-response-coordinating-committees-in-belize\/\" >In-Person Training for Post-Storm Reef Response Coordinating Committees in Belize<\/a><\/h5><\/div><\/div><div class=\"blogpost-item blogpost-list\"><div class=\"view hoverimg\"><img    alt=\"Phase III in action: strengthening coastal-marine conservation and community well-being in Guatemala and Belize\" src=\"https:\/\/marfund.org\/en\/wp-content\/uploads\/2026\/03\/Pescador-e1773188368481-540x300.jpg\" width=\"540\" height=\"300\"><div class=\"hover_type\"><a class=\"hovergallery\" href=\"https:\/\/marfund.org\/en\/phase-iii-in-action-december\/\" title=\"Phase III in action: strengthening coastal-marine conservation and community well-being in Guatemala and Belize\"><i class=\"fa fa-picture-o fa-2x\"><\/i><\/a><\/div><\/div><div class=\"blogpost-desc\"><h5 class=\"blogpost-title\"><a href=\"https:\/\/marfund.org\/en\/phase-iii-in-action-december\/\" >Phase III in action: strengthening coastal-marine conservation and community well-being in Guatemala and Belize<\/a><\/h5><\/div><\/div><div class=\"blogpost-item blogpost-list\"><div class=\"view hoverimg\"><img    alt=\"ECOLENS Summit in Belize, Celebrating Regional Partnerships and MAR Fund&#8217;s 20th Anniversary\" src=\"https:\/\/marfund.org\/en\/wp-content\/uploads\/2026\/03\/ecolens-540x300.jpeg\" width=\"540\" height=\"300\"><div class=\"hover_type\"><a class=\"hovergallery\" href=\"https:\/\/marfund.org\/en\/ecolens-summit-in-belize-celebrating-regional-partnerships-and-mar-funds-20th-anniversary\/\" title=\"ECOLENS Summit in Belize, Celebrating Regional Partnerships and MAR Fund&#8217;s 20th Anniversary\"><i class=\"fa fa-picture-o fa-2x\"><\/i><\/a><\/div><\/div><div class=\"blogpost-desc\"><h5 class=\"blogpost-title\"><a href=\"https:\/\/marfund.org\/en\/ecolens-summit-in-belize-celebrating-regional-partnerships-and-mar-funds-20th-anniversary\/\" >ECOLENS Summit in Belize, Celebrating Regional Partnerships and MAR Fund&#8217;s 20th Anniversary<\/a><\/h5><\/div><\/div><div class=\"blogpost-item blogpost-list\"><div class=\"view hoverimg\"><img    alt=\"Women Entrepreneurs of the Mesoamerican Reef Strengthen Triple\u2011Impact Initiatives\" src=\"https:\/\/marfund.org\/en\/wp-content\/uploads\/2025\/12\/emprendedoras-en-guatemala-scaled-e1765478058640-2048x937-1-540x300.webp\" width=\"540\" height=\"300\"><div class=\"hover_type\"><a class=\"hovergallery\" href=\"https:\/\/marfund.org\/en\/women-entrepreneurs-of-the-mesoamerican-reef-strengthen-triple%e2%80%91impact-initiatives\/\" title=\"Women Entrepreneurs of the Mesoamerican Reef Strengthen Triple\u2011Impact Initiatives\"><i class=\"fa fa-picture-o fa-2x\"><\/i><\/a><\/div><\/div><div class=\"blogpost-desc\"><h5 class=\"blogpost-title\"><a href=\"https:\/\/marfund.org\/en\/women-entrepreneurs-of-the-mesoamerican-reef-strengthen-triple%e2%80%91impact-initiatives\/\" >Women Entrepreneurs of the Mesoamerican Reef Strengthen Triple\u2011Impact Initiatives<\/a><\/h5><\/div><\/div><div class=\"blogpost-item blogpost-list\"><div class=\"view hoverimg\"><img    alt=\"Nine Selected Projects Will Drive Local Solutions for Conservation in the MAR\" src=\"https:\/\/marfund.org\/en\/wp-content\/uploads\/2025\/12\/races-marnas-540x300.png\" width=\"540\" height=\"300\"><div class=\"hover_type\"><a class=\"hovergallery\" href=\"https:\/\/marfund.org\/en\/nine-selected-projects-will-drive-local-solutions-for-conservation-in-the-mar\/\" title=\"Nine Selected Projects Will Drive Local Solutions for Conservation in the MAR\"><i class=\"fa fa-picture-o fa-2x\"><\/i><\/a><\/div><\/div><div class=\"blogpost-desc\"><h5 class=\"blogpost-title\"><a href=\"https:\/\/marfund.org\/en\/nine-selected-projects-will-drive-local-solutions-for-conservation-in-the-mar\/\" >Nine Selected Projects Will Drive Local Solutions for Conservation in the MAR<\/a><\/h5><\/div><\/div><div class=\"blogpost-item blogpost-list\"><div class=\"view hoverimg\"><img    alt=\"Strengthening Leadership and Scaling Nature-Based Solutions: MAR-Leadership Build &#038; Connect 2023\" src=\"https:\/\/marfund.org\/en\/wp-content\/uploads\/2025\/09\/ss2-e1759358811476-540x300.jpg\" width=\"540\" height=\"300\"><div class=\"hover_type\"><a class=\"hovergallery\" href=\"https:\/\/marfund.org\/en\/strengthening-leadership-and-scaling-nature-based-solutions-mar-leadership-build-connect-2023\/\" title=\"Strengthening Leadership and Scaling Nature-Based Solutions: MAR-Leadership Build &#038; Connect 2023\"><i class=\"fa fa-picture-o fa-2x\"><\/i><\/a><\/div><\/div><div class=\"blogpost-desc\"><h5 class=\"blogpost-title\"><a href=\"https:\/\/marfund.org\/en\/strengthening-leadership-and-scaling-nature-based-solutions-mar-leadership-build-connect-2023\/\" >Strengthening Leadership and Scaling Nature-Based Solutions: MAR-Leadership Build &#038; Connect 2023<\/a><\/h5><\/div><\/div><div class=\"blogpost-item blogpost-list\"><div class=\"view hoverimg\"><img    alt=\"The MAR Insurance Programme enters its fifth year, advancing climate resilience across the Mesoamerican Reef\" src=\"https:\/\/marfund.org\/en\/wp-content\/uploads\/2000\/09\/Foto_Elisa_Areano-scaled-e1757085228329-540x300.jpg\" width=\"540\" height=\"300\"><div class=\"hover_type\"><a class=\"hovergallery\" href=\"https:\/\/marfund.org\/en\/the-mar-insurance-programme-enters-its-fifth-year-advancing-climate-resilience-across-the-mesoamerican-reef\/\" title=\"The MAR Insurance Programme enters its fifth year, advancing climate resilience across the Mesoamerican Reef\"><i class=\"fa fa-picture-o fa-2x\"><\/i><\/a><\/div><\/div><div class=\"blogpost-desc\"><h5 class=\"blogpost-title\"><a href=\"https:\/\/marfund.org\/en\/the-mar-insurance-programme-enters-its-fifth-year-advancing-climate-resilience-across-the-mesoamerican-reef\/\" >The MAR Insurance Programme enters its fifth year, advancing climate resilience across the Mesoamerican Reef<\/a><\/h5><\/div><\/div><div class=\"blogpost-item blogpost-list\"><div class=\"view hoverimg\"><img    alt=\"Making Waves: How SACD\u2019s &#8220;River-to-Reef&#8221; Expeditions Are Transforming Conservation and Community in Northern Belize\" src=\"https:\/\/marfund.org\/en\/wp-content\/uploads\/2025\/08\/portada-nota-narrativa-540x300.jpg\" width=\"540\" height=\"300\"><div class=\"hover_type\"><a class=\"hovergallery\" href=\"https:\/\/marfund.org\/en\/making-waves-how-sacds-river-to-reef-expeditions-are-transforming-conservation-and-community-in-northern-belize\/\" title=\"Making Waves: How SACD\u2019s &#8220;River-to-Reef&#8221; Expeditions Are Transforming Conservation and Community in Northern Belize\"><i class=\"fa fa-picture-o fa-2x\"><\/i><\/a><\/div><\/div><div class=\"blogpost-desc\"><h5 class=\"blogpost-title\"><a href=\"https:\/\/marfund.org\/en\/making-waves-how-sacds-river-to-reef-expeditions-are-transforming-conservation-and-community-in-northern-belize\/\" >Making Waves: How SACD\u2019s &#8220;River-to-Reef&#8221; Expeditions Are Transforming Conservation and Community in Northern Belize<\/a><\/h5><\/div><\/div><div class=\"blogpost-item blogpost-list\"><div class=\"view hoverimg\"><img    alt=\"Stronger Together: Reef Response Training Builds Regional Capacity in Belize\" src=\"https:\/\/marfund.org\/en\/wp-content\/uploads\/2025\/07\/original-508D9AC0-E427-4F31-99AA-01CD47980D6A-e1753906376251-540x300.jpeg\" width=\"540\" height=\"300\"><div class=\"hover_type\"><a class=\"hovergallery\" href=\"https:\/\/marfund.org\/en\/stronger-together-reef-response-training-builds-regional-capacity-in-belize\/\" title=\"Stronger Together: Reef Response Training Builds Regional Capacity in Belize\"><i class=\"fa fa-picture-o fa-2x\"><\/i><\/a><\/div><\/div><div class=\"blogpost-desc\"><h5 class=\"blogpost-title\"><a href=\"https:\/\/marfund.org\/en\/stronger-together-reef-response-training-builds-regional-capacity-in-belize\/\" >Stronger Together: Reef Response Training Builds Regional Capacity in Belize<\/a><\/h5><\/div><\/div><div class=\"blogpost-item blogpost-list\"><div class=\"view hoverimg\"><img    alt=\"Training and coordination for effective implementation: Initial Workshop for the selected proposals of the 2nd Call of Phase III\" src=\"https:\/\/marfund.org\/en\/wp-content\/uploads\/2025\/07\/20250702_130149-scaled-540x300.jpg\" width=\"540\" height=\"300\"><div class=\"hover_type\"><a class=\"hovergallery\" href=\"https:\/\/marfund.org\/en\/training-and-coordination-for-effective-implementation-initial-workshop\/\" title=\"Training and coordination for effective implementation: Initial Workshop for the selected proposals of the 2nd Call of Phase III\"><i class=\"fa fa-picture-o fa-2x\"><\/i><\/a><\/div><\/div><div class=\"blogpost-desc\"><h5 class=\"blogpost-title\"><a href=\"https:\/\/marfund.org\/en\/training-and-coordination-for-effective-implementation-initial-workshop\/\" >Training and coordination for effective implementation: Initial Workshop for the selected proposals of the 2nd Call of Phase III<\/a><\/h5><\/div><\/div><\/div><\/div>[\/vc_column_text][\/vc_column][vc_column width=&#8221;1\/12&#8243;][\/vc_column][\/vc_row][vc_row][vc_column width=&#8221;1\/12&#8243;][\/vc_column][vc_column width=&#8221;10\/12&#8243;][vc_fancyheading heading=&#8221;large&#8221; align=&#8221;center&#8221; textcolor=&#8221;#2e3192&#8243; bgcolor=&#8221;#bd98e2&#8243; text=&#8221;Guatemala&#8221;][\/vc_fancyheading][vc_column_text]<script>\r\n\t\tjQuery(document).ready(function($) {\r\n\t\t\t$(\"#blogcarousel-96\").owlCarousel({\r\n\t\t\t\tautoPlay: 3000,\r\n\t\t\t\titems : 4,\r\n\t\t\t\titemsDesktop : [1199,4],\r\n\t\t\t\titemsDesktopSmall : [979,2],\r\n\t\t\t\titemsTablet : [768,2],\r\n\t\t\t\titemsMobile : [479,1]\r\n\t\t\t});\r\n\t\t});\t\t\r\n\t\t<\/script><div class=\"container\"><div id=\"blogcarousel-96\" class=\"owl-carousel\"><div class=\"blogpost-item blogpost-list\"><div class=\"view hoverimg\"><img    alt=\"Phase III in action: strengthening coastal-marine conservation and community well-being in Guatemala and Belize\" src=\"https:\/\/marfund.org\/en\/wp-content\/uploads\/2026\/03\/Pescador-e1773188368481-540x300.jpg\" width=\"540\" height=\"300\"><div class=\"hover_type\"><a class=\"hovergallery\" href=\"https:\/\/marfund.org\/en\/phase-iii-in-action-december\/\" title=\"Phase III in action: strengthening coastal-marine conservation and community well-being in Guatemala and Belize\"><i class=\"fa fa-picture-o fa-2x\"><\/i><\/a><\/div><\/div><div class=\"blogpost-desc\"><h5 class=\"blogpost-title\"><a href=\"https:\/\/marfund.org\/en\/phase-iii-in-action-december\/\" >Phase III in action: strengthening coastal-marine conservation and community well-being in Guatemala and Belize<\/a><\/h5><\/div><\/div><div class=\"blogpost-item blogpost-list\"><div class=\"view hoverimg\"><img    alt=\"Women Entrepreneurs of the Mesoamerican Reef Strengthen Triple\u2011Impact Initiatives\" src=\"https:\/\/marfund.org\/en\/wp-content\/uploads\/2025\/12\/emprendedoras-en-guatemala-scaled-e1765478058640-2048x937-1-540x300.webp\" width=\"540\" height=\"300\"><div class=\"hover_type\"><a class=\"hovergallery\" href=\"https:\/\/marfund.org\/en\/women-entrepreneurs-of-the-mesoamerican-reef-strengthen-triple%e2%80%91impact-initiatives\/\" title=\"Women Entrepreneurs of the Mesoamerican Reef Strengthen Triple\u2011Impact Initiatives\"><i class=\"fa fa-picture-o fa-2x\"><\/i><\/a><\/div><\/div><div class=\"blogpost-desc\"><h5 class=\"blogpost-title\"><a href=\"https:\/\/marfund.org\/en\/women-entrepreneurs-of-the-mesoamerican-reef-strengthen-triple%e2%80%91impact-initiatives\/\" >Women Entrepreneurs of the Mesoamerican Reef Strengthen Triple\u2011Impact Initiatives<\/a><\/h5><\/div><\/div><div class=\"blogpost-item blogpost-list\"><div class=\"view hoverimg\"><img    alt=\"Nine Selected Projects Will Drive Local Solutions for Conservation in the MAR\" src=\"https:\/\/marfund.org\/en\/wp-content\/uploads\/2025\/12\/races-marnas-540x300.png\" width=\"540\" height=\"300\"><div class=\"hover_type\"><a class=\"hovergallery\" href=\"https:\/\/marfund.org\/en\/nine-selected-projects-will-drive-local-solutions-for-conservation-in-the-mar\/\" title=\"Nine Selected Projects Will Drive Local Solutions for Conservation in the MAR\"><i class=\"fa fa-picture-o fa-2x\"><\/i><\/a><\/div><\/div><div class=\"blogpost-desc\"><h5 class=\"blogpost-title\"><a href=\"https:\/\/marfund.org\/en\/nine-selected-projects-will-drive-local-solutions-for-conservation-in-the-mar\/\" >Nine Selected Projects Will Drive Local Solutions for Conservation in the MAR<\/a><\/h5><\/div><\/div><div class=\"blogpost-item blogpost-list\"><div class=\"view hoverimg\"><img    alt=\"Strengthening Leadership and Scaling Nature-Based Solutions: MAR-Leadership Build &#038; Connect 2023\" src=\"https:\/\/marfund.org\/en\/wp-content\/uploads\/2025\/09\/ss2-e1759358811476-540x300.jpg\" width=\"540\" height=\"300\"><div class=\"hover_type\"><a class=\"hovergallery\" href=\"https:\/\/marfund.org\/en\/strengthening-leadership-and-scaling-nature-based-solutions-mar-leadership-build-connect-2023\/\" title=\"Strengthening Leadership and Scaling Nature-Based Solutions: MAR-Leadership Build &#038; Connect 2023\"><i class=\"fa fa-picture-o fa-2x\"><\/i><\/a><\/div><\/div><div class=\"blogpost-desc\"><h5 class=\"blogpost-title\"><a href=\"https:\/\/marfund.org\/en\/strengthening-leadership-and-scaling-nature-based-solutions-mar-leadership-build-connect-2023\/\" >Strengthening Leadership and Scaling Nature-Based Solutions: MAR-Leadership Build &#038; Connect 2023<\/a><\/h5><\/div><\/div><div class=\"blogpost-item blogpost-list\"><div class=\"view hoverimg\"><img    alt=\"The MAR Insurance Programme enters its fifth year, advancing climate resilience across the Mesoamerican Reef\" src=\"https:\/\/marfund.org\/en\/wp-content\/uploads\/2000\/09\/Foto_Elisa_Areano-scaled-e1757085228329-540x300.jpg\" width=\"540\" height=\"300\"><div class=\"hover_type\"><a class=\"hovergallery\" href=\"https:\/\/marfund.org\/en\/the-mar-insurance-programme-enters-its-fifth-year-advancing-climate-resilience-across-the-mesoamerican-reef\/\" title=\"The MAR Insurance Programme enters its fifth year, advancing climate resilience across the Mesoamerican Reef\"><i class=\"fa fa-picture-o fa-2x\"><\/i><\/a><\/div><\/div><div class=\"blogpost-desc\"><h5 class=\"blogpost-title\"><a href=\"https:\/\/marfund.org\/en\/the-mar-insurance-programme-enters-its-fifth-year-advancing-climate-resilience-across-the-mesoamerican-reef\/\" >The MAR Insurance Programme enters its fifth year, advancing climate resilience across the Mesoamerican Reef<\/a><\/h5><\/div><\/div><div class=\"blogpost-item blogpost-list\"><div class=\"view hoverimg\"><img    alt=\"Strengthening Regional Capacities: Post-Storm Reef Response Brigade Course in Guatemala&#8217;s Caribbean\" src=\"https:\/\/marfund.org\/en\/wp-content\/uploads\/2025\/07\/f1.jpg-540x300.png\" width=\"540\" height=\"300\"><div class=\"hover_type\"><a class=\"hovergallery\" href=\"https:\/\/marfund.org\/en\/strengthening-regional-capacities-post-storm-reef-response-brigade-course-in-guatemalas-caribbean\/\" title=\"Strengthening Regional Capacities: Post-Storm Reef Response Brigade Course in Guatemala&#8217;s Caribbean\"><i class=\"fa fa-picture-o fa-2x\"><\/i><\/a><\/div><\/div><div class=\"blogpost-desc\"><h5 class=\"blogpost-title\"><a href=\"https:\/\/marfund.org\/en\/strengthening-regional-capacities-post-storm-reef-response-brigade-course-in-guatemalas-caribbean\/\" >Strengthening Regional Capacities: Post-Storm Reef Response Brigade Course in Guatemala&#8217;s Caribbean<\/a><\/h5><\/div><\/div><div class=\"blogpost-item blogpost-list\"><div class=\"view hoverimg\"><img    alt=\"Training and coordination for effective implementation: Initial Workshop for the selected proposals of the 2nd Call of Phase III\" src=\"https:\/\/marfund.org\/en\/wp-content\/uploads\/2025\/07\/20250702_130149-scaled-540x300.jpg\" width=\"540\" height=\"300\"><div class=\"hover_type\"><a class=\"hovergallery\" href=\"https:\/\/marfund.org\/en\/training-and-coordination-for-effective-implementation-initial-workshop\/\" title=\"Training and coordination for effective implementation: Initial Workshop for the selected proposals of the 2nd Call of Phase III\"><i class=\"fa fa-picture-o fa-2x\"><\/i><\/a><\/div><\/div><div class=\"blogpost-desc\"><h5 class=\"blogpost-title\"><a href=\"https:\/\/marfund.org\/en\/training-and-coordination-for-effective-implementation-initial-workshop\/\" >Training and coordination for effective implementation: Initial Workshop for the selected proposals of the 2nd Call of Phase III<\/a><\/h5><\/div><\/div><div class=\"blogpost-item blogpost-list\"><div class=\"view hoverimg\"><img    alt=\"20 Years Building a Legacy\" src=\"https:\/\/marfund.org\/en\/wp-content\/uploads\/2025\/06\/IMG_4633-e1749074595416-540x300.jpeg\" width=\"540\" height=\"300\"><div class=\"hover_type\"><a class=\"hovergallery\" href=\"https:\/\/marfund.org\/en\/20-years-building-a-legacy\/\" title=\"20 Years Building a Legacy\"><i class=\"fa fa-picture-o fa-2x\"><\/i><\/a><\/div><\/div><div class=\"blogpost-desc\"><h5 class=\"blogpost-title\"><a href=\"https:\/\/marfund.org\/en\/20-years-building-a-legacy\/\" >20 Years Building a Legacy<\/a><\/h5><\/div><\/div><div class=\"blogpost-item blogpost-list\"><div class=\"view hoverimg\"><img    alt=\"Dive the wave of change! MAR+Invest Acceleration Programme 2025\" src=\"https:\/\/marfund.org\/en\/wp-content\/uploads\/2025\/05\/MAR_Invest_acceleration-scaled-e1747750742828-540x300.jpg\" width=\"540\" height=\"300\"><div class=\"hover_type\"><a class=\"hovergallery\" href=\"https:\/\/marfund.org\/en\/dive-the-wave-of-change-marinvest-acceleration-programme-2025\/\" title=\"Dive the wave of change! MAR+Invest Acceleration Programme 2025\"><i class=\"fa fa-picture-o fa-2x\"><\/i><\/a><\/div><\/div><div class=\"blogpost-desc\"><h5 class=\"blogpost-title\"><a href=\"https:\/\/marfund.org\/en\/dive-the-wave-of-change-marinvest-acceleration-programme-2025\/\" >Dive the wave of change! MAR+Invest Acceleration Programme 2025<\/a><\/h5><\/div><\/div><div class=\"blogpost-item blogpost-list\"><div class=\"view hoverimg\"><img    alt=\"Celebrating 20 Years of Mesoamerican Reef Conservation\" src=\"https:\/\/marfund.org\/en\/wp-content\/uploads\/2025\/04\/Cabecera-Aniverario-540x300.png\" width=\"540\" height=\"300\"><div class=\"hover_type\"><a class=\"hovergallery\" href=\"https:\/\/marfund.org\/en\/celebrating-20-years-of-mesoamerican-reef-conservation\/\" title=\"Celebrating 20 Years of Mesoamerican Reef Conservation\"><i class=\"fa fa-picture-o fa-2x\"><\/i><\/a><\/div><\/div><div class=\"blogpost-desc\"><h5 class=\"blogpost-title\"><a href=\"https:\/\/marfund.org\/en\/celebrating-20-years-of-mesoamerican-reef-conservation\/\" >Celebrating 20 Years of Mesoamerican Reef Conservation<\/a><\/h5><\/div><\/div><\/div><\/div>[\/vc_column_text][\/vc_column][vc_column width=&#8221;1\/12&#8243;][\/vc_column][\/vc_row][vc_row][vc_column width=&#8221;1\/12&#8243;][\/vc_column][vc_column width=&#8221;10\/12&#8243;][vc_fancyheading heading=&#8221;large&#8221; align=&#8221;center&#8221; textcolor=&#8221;#2e3192&#8243; bgcolor=&#8221;#bd98e2&#8243; text=&#8221;Honduras&#8221;][\/vc_fancyheading][vc_column_text]<script>\r\n\t\tjQuery(document).ready(function($) {\r\n\t\t\t$(\"#blogcarousel-48\").owlCarousel({\r\n\t\t\t\tautoPlay: 3000,\r\n\t\t\t\titems : 4,\r\n\t\t\t\titemsDesktop : [1199,4],\r\n\t\t\t\titemsDesktopSmall : [979,2],\r\n\t\t\t\titemsTablet : [768,2],\r\n\t\t\t\titemsMobile : [479,1]\r\n\t\t\t});\r\n\t\t});\t\t\r\n\t\t<\/script><div class=\"container\"><div id=\"blogcarousel-48\" class=\"owl-carousel\"><div class=\"blogpost-item blogpost-list\"><div class=\"view hoverimg\"><img    alt=\"Women Entrepreneurs of the Mesoamerican Reef Strengthen Triple\u2011Impact Initiatives\" src=\"https:\/\/marfund.org\/en\/wp-content\/uploads\/2025\/12\/emprendedoras-en-guatemala-scaled-e1765478058640-2048x937-1-540x300.webp\" width=\"540\" height=\"300\"><div class=\"hover_type\"><a class=\"hovergallery\" href=\"https:\/\/marfund.org\/en\/women-entrepreneurs-of-the-mesoamerican-reef-strengthen-triple%e2%80%91impact-initiatives\/\" title=\"Women Entrepreneurs of the Mesoamerican Reef Strengthen Triple\u2011Impact Initiatives\"><i class=\"fa fa-picture-o fa-2x\"><\/i><\/a><\/div><\/div><div class=\"blogpost-desc\"><h5 class=\"blogpost-title\"><a href=\"https:\/\/marfund.org\/en\/women-entrepreneurs-of-the-mesoamerican-reef-strengthen-triple%e2%80%91impact-initiatives\/\" >Women Entrepreneurs of the Mesoamerican Reef Strengthen Triple\u2011Impact Initiatives<\/a><\/h5><\/div><\/div><div class=\"blogpost-item blogpost-list\"><div class=\"view hoverimg\"><img    alt=\"Nine Selected Projects Will Drive Local Solutions for Conservation in the MAR\" src=\"https:\/\/marfund.org\/en\/wp-content\/uploads\/2025\/12\/races-marnas-540x300.png\" width=\"540\" height=\"300\"><div class=\"hover_type\"><a class=\"hovergallery\" href=\"https:\/\/marfund.org\/en\/nine-selected-projects-will-drive-local-solutions-for-conservation-in-the-mar\/\" title=\"Nine Selected Projects Will Drive Local Solutions for Conservation in the MAR\"><i class=\"fa fa-picture-o fa-2x\"><\/i><\/a><\/div><\/div><div class=\"blogpost-desc\"><h5 class=\"blogpost-title\"><a href=\"https:\/\/marfund.org\/en\/nine-selected-projects-will-drive-local-solutions-for-conservation-in-the-mar\/\" >Nine Selected Projects Will Drive Local Solutions for Conservation in the MAR<\/a><\/h5><\/div><\/div><div class=\"blogpost-item blogpost-list\"><div class=\"view hoverimg\"><img    alt=\"Strengthening Leadership and Scaling Nature-Based Solutions: MAR-Leadership Build &#038; Connect 2023\" src=\"https:\/\/marfund.org\/en\/wp-content\/uploads\/2025\/09\/ss2-e1759358811476-540x300.jpg\" width=\"540\" height=\"300\"><div class=\"hover_type\"><a class=\"hovergallery\" href=\"https:\/\/marfund.org\/en\/strengthening-leadership-and-scaling-nature-based-solutions-mar-leadership-build-connect-2023\/\" title=\"Strengthening Leadership and Scaling Nature-Based Solutions: MAR-Leadership Build &#038; Connect 2023\"><i class=\"fa fa-picture-o fa-2x\"><\/i><\/a><\/div><\/div><div class=\"blogpost-desc\"><h5 class=\"blogpost-title\"><a href=\"https:\/\/marfund.org\/en\/strengthening-leadership-and-scaling-nature-based-solutions-mar-leadership-build-connect-2023\/\" >Strengthening Leadership and Scaling Nature-Based Solutions: MAR-Leadership Build &#038; Connect 2023<\/a><\/h5><\/div><\/div><div class=\"blogpost-item blogpost-list\"><div class=\"view hoverimg\"><img    alt=\"The MAR Insurance Programme enters its fifth year, advancing climate resilience across the Mesoamerican Reef\" src=\"https:\/\/marfund.org\/en\/wp-content\/uploads\/2000\/09\/Foto_Elisa_Areano-scaled-e1757085228329-540x300.jpg\" width=\"540\" height=\"300\"><div class=\"hover_type\"><a class=\"hovergallery\" href=\"https:\/\/marfund.org\/en\/the-mar-insurance-programme-enters-its-fifth-year-advancing-climate-resilience-across-the-mesoamerican-reef\/\" title=\"The MAR Insurance Programme enters its fifth year, advancing climate resilience across the Mesoamerican Reef\"><i class=\"fa fa-picture-o fa-2x\"><\/i><\/a><\/div><\/div><div class=\"blogpost-desc\"><h5 class=\"blogpost-title\"><a href=\"https:\/\/marfund.org\/en\/the-mar-insurance-programme-enters-its-fifth-year-advancing-climate-resilience-across-the-mesoamerican-reef\/\" >The MAR Insurance Programme enters its fifth year, advancing climate resilience across the Mesoamerican Reef<\/a><\/h5><\/div><\/div><div class=\"blogpost-item blogpost-list\"><div class=\"view hoverimg\"><img    alt=\"Training and coordination for effective implementation: Initial Workshop for the selected proposals of the 2nd Call of Phase III\" src=\"https:\/\/marfund.org\/en\/wp-content\/uploads\/2025\/07\/20250702_130149-scaled-540x300.jpg\" width=\"540\" height=\"300\"><div class=\"hover_type\"><a class=\"hovergallery\" href=\"https:\/\/marfund.org\/en\/training-and-coordination-for-effective-implementation-initial-workshop\/\" title=\"Training and coordination for effective implementation: Initial Workshop for the selected proposals of the 2nd Call of Phase III\"><i class=\"fa fa-picture-o fa-2x\"><\/i><\/a><\/div><\/div><div class=\"blogpost-desc\"><h5 class=\"blogpost-title\"><a href=\"https:\/\/marfund.org\/en\/training-and-coordination-for-effective-implementation-initial-workshop\/\" >Training and coordination for effective implementation: Initial Workshop for the selected proposals of the 2nd Call of Phase III<\/a><\/h5><\/div><\/div><div class=\"blogpost-item blogpost-list\"><div class=\"view hoverimg\"><img    alt=\"Dive the wave of change! MAR+Invest Acceleration Programme 2025\" src=\"https:\/\/marfund.org\/en\/wp-content\/uploads\/2025\/05\/MAR_Invest_acceleration-scaled-e1747750742828-540x300.jpg\" width=\"540\" height=\"300\"><div class=\"hover_type\"><a class=\"hovergallery\" href=\"https:\/\/marfund.org\/en\/dive-the-wave-of-change-marinvest-acceleration-programme-2025\/\" title=\"Dive the wave of change! MAR+Invest Acceleration Programme 2025\"><i class=\"fa fa-picture-o fa-2x\"><\/i><\/a><\/div><\/div><div class=\"blogpost-desc\"><h5 class=\"blogpost-title\"><a href=\"https:\/\/marfund.org\/en\/dive-the-wave-of-change-marinvest-acceleration-programme-2025\/\" >Dive the wave of change! MAR+Invest Acceleration Programme 2025<\/a><\/h5><\/div><\/div><div class=\"blogpost-item blogpost-list\"><div class=\"view hoverimg\"><img    alt=\"Celebrating 20 Years of Mesoamerican Reef Conservation\" src=\"https:\/\/marfund.org\/en\/wp-content\/uploads\/2025\/04\/Cabecera-Aniverario-540x300.png\" width=\"540\" height=\"300\"><div class=\"hover_type\"><a class=\"hovergallery\" href=\"https:\/\/marfund.org\/en\/celebrating-20-years-of-mesoamerican-reef-conservation\/\" title=\"Celebrating 20 Years of Mesoamerican Reef Conservation\"><i class=\"fa fa-picture-o fa-2x\"><\/i><\/a><\/div><\/div><div class=\"blogpost-desc\"><h5 class=\"blogpost-title\"><a href=\"https:\/\/marfund.org\/en\/celebrating-20-years-of-mesoamerican-reef-conservation\/\" >Celebrating 20 Years of Mesoamerican Reef Conservation<\/a><\/h5><\/div><\/div><div class=\"blogpost-item blogpost-list\"><div class=\"view hoverimg\"><img    alt=\"Deepwater Snappers and Groupers of Mesoamerica\" src=\"https:\/\/marfund.org\/en\/wp-content\/uploads\/2025\/01\/Mar_Alliance_Fish_Sampling-540x300.png\" width=\"540\" height=\"300\"><div class=\"hover_type\"><a class=\"hovergallery\" href=\"https:\/\/marfund.org\/en\/deepwater-snappers-and-groupers-of-mesoamerica\/\" title=\"Deepwater Snappers and Groupers of Mesoamerica\"><i class=\"fa fa-picture-o fa-2x\"><\/i><\/a><\/div><\/div><div class=\"blogpost-desc\"><h5 class=\"blogpost-title\"><a href=\"https:\/\/marfund.org\/en\/deepwater-snappers-and-groupers-of-mesoamerica\/\" >Deepwater Snappers and Groupers of Mesoamerica<\/a><\/h5><\/div><\/div><div class=\"blogpost-item blogpost-list\"><div class=\"view hoverimg\"><img    alt=\"Empowering Fishers for Sustainable Livelihoods in Cayman Crown\" src=\"https:\/\/marfund.org\/en\/wp-content\/uploads\/2024\/10\/coral-corona-caiman-540x300.png\" width=\"540\" height=\"300\"><div class=\"hover_type\"><a class=\"hovergallery\" href=\"https:\/\/marfund.org\/en\/empowering-fishers-for-sustainable-livelihoods-in-cayman-crown\/\" title=\"Empowering Fishers for Sustainable Livelihoods in Cayman Crown\"><i class=\"fa fa-picture-o fa-2x\"><\/i><\/a><\/div><\/div><div class=\"blogpost-desc\"><h5 class=\"blogpost-title\"><a href=\"https:\/\/marfund.org\/en\/empowering-fishers-for-sustainable-livelihoods-in-cayman-crown\/\" >Empowering Fishers for Sustainable Livelihoods in Cayman Crown<\/a><\/h5><\/div><\/div><div class=\"blogpost-item blogpost-list\"><div class=\"view hoverimg\"><img    alt=\"To defend the ocean&#8217;s biodiversity is to defend human well-being\" src=\"https:\/\/marfund.org\/en\/wp-content\/uploads\/2024\/10\/Plantilla-Fotos-para-NN_0002s_0000_Capa-19-540x300.jpg\" width=\"540\" height=\"300\"><div class=\"hover_type\"><a class=\"hovergallery\" href=\"https:\/\/marfund.org\/en\/to-defend-the-oceans-biodiversity-is-to-defend-human-well-being\/\" title=\"To defend the ocean&#8217;s biodiversity is to defend human well-being\"><i class=\"fa fa-picture-o fa-2x\"><\/i><\/a><\/div><\/div><div class=\"blogpost-desc\"><h5 class=\"blogpost-title\"><a href=\"https:\/\/marfund.org\/en\/to-defend-the-oceans-biodiversity-is-to-defend-human-well-being\/\" >To defend the ocean&#8217;s biodiversity is to defend human well-being<\/a><\/h5><\/div><\/div><\/div><\/div>[\/vc_column_text][\/vc_column][vc_column width=&#8221;1\/12&#8243;][\/vc_column][\/vc_row]<\/p>\n<\/div>","protected":false},"excerpt":{"rendered":"<h6 style=\"text-align: right;\"><em>Photo: Kate Sutter<\/em><\/h6>\n<p>MAR Fund joins the leadership of the Inter-American Association for Environmental Defense (AIDA) and other organizations by signing the civil society organizations&#8217; declaration titled: <strong>DEFENDING OCEAN BIODIVERSITY IS DEFENDING HUMAN WELL-BEING<\/strong>. This declaration calls for concrete and effective actions from the Parties to the Convention on &hellip; <a href=\"https:\/\/marfund.org\/en\/to-defend-the-oceans-biodiversity-is-to-defend-human-well-being\/\" class=\"read-more\">Further reading... <\/a><\/p>","protected":false},"author":1,"featured_media":0,"parent":0,"menu_order":0,"comment_status":"closed","ping_status":"closed","template":"template_stretched.php","meta":[],"_links":{"self":[{"href":"https:\/\/marfund.org\/en\/wp-json\/wp\/v2\/pages\/337"}],"collection":[{"href":"https:\/\/marfund.org\/en\/wp-json\/wp\/v2\/pages"}],"about":[{"href":"https:\/\/marfund.org\/en\/wp-json\/wp\/v2\/types\/page"}],"author":[{"embeddable":true,"href":"https:\/\/marfund.org\/en\/wp-json\/wp\/v2\/users\/1"}],"replies":[{"embeddable":true,"href":"https:\/\/marfund.org\/en\/wp-json\/wp\/v2\/comments?post=337"}],"version-history":[{"count":31,"href":"https:\/\/marfund.org\/en\/wp-json\/wp\/v2\/pages\/337\/revisions"}],"predecessor-version":[{"id":2246,"href":"https:\/\/marfund.org\/en\/wp-json\/wp\/v2\/pages\/337\/revisions\/2246"}],"wp:attachment":[{"href":"https:\/\/marfund.org\/en\/wp-json\/wp\/v2\/media?parent=337"}],"curies":[{"name":"wp","href":"https:\/\/api.w.org\/{rel}","templated":true}]}}